{"id":7297,"date":"2020-05-18T19:30:13","date_gmt":"2020-05-18T17:30:13","guid":{"rendered":"https:\/\/www.formations-bien-etre.com\/produit\/mandalas-de-pierres-et-geometries-sacrees\/"},"modified":"2023-08-08T00:09:41","modified_gmt":"2023-08-07T22:09:41","slug":"mandalas-de-pierres-et-geometries-sacrees","status":"publish","type":"product","link":"https:\/\/www.formations-bien-etre.com\/es\/produit\/mandalas-de-pierres-et-geometries-sacrees\/","title":{"rendered":"Mandalas de piedra y geometr\u00edas sagradas"},"content":{"rendered":"<p style=\"text-align: left\">Mandalas de piedra y geometr\u00edas sagradas.<br \/>\nLa creaci\u00f3n de un mandala comienza con un deseo de cambio, el mandala es el s\u00edmbolo de la evoluci\u00f3n.<br \/>\nUn mandala es un c\u00edrculo, la forma primaria de la geometr\u00eda sagrada.<br \/>\nEs un s\u00edmbolo sagrado utilizado en el budismo y por los amerindios para la curaci\u00f3n y como soporte para la meditaci\u00f3n. Es activo por su forma y por los minerales que contiene.<\/p>\n","protected":false},"excerpt":{"rendered":"<p>El mandala es activo por su forma y los minerales que contiene.<\/p>\n","protected":false},"featured_media":5767,"template":"","meta":{"_acf_changed":false,"_exactmetrics_skip_tracking":false,"_exactmetrics_sitenote_active":false,"_exactmetrics_sitenote_note":"","_exactmetrics_sitenote_category":0},"product_brand":[],"product_cat":[355,363],"product_tag":[162,64,59,68,82,77,160,159,62,161,61,163,86],"class_list":{"0":"post-7297","1":"product","2":"type-product","3":"status-publish","4":"has-post-thumbnail","6":"product_cat-entrenamiento-de-bienestar","7":"product_cat-les-modules-de-formations-soins-bien-etre-es","8":"product_tag-ameriendien","9":"product_tag-angoisse","10":"product_tag-bienetre","11":"product_tag-bienveillance","12":"product_tag-ecole-formation-massage","13":"product_tag-ecole-sophrologie","14":"product_tag-magie","15":"product_tag-mandalas","16":"product_tag-meditation","17":"product_tag-meneraux","18":"product_tag-relaxation","19":"product_tag-roue-medecine","20":"product_tag-yoga","22":"first","23":"instock","24":"sale","25":"featured","26":"sold-individually","27":"taxable","28":"shipping-taxable","29":"purchasable","30":"product-type-variable"},"acf":[],"yoast_head":"<!-- This site is optimized with the Yoast SEO plugin v27.4 - https:\/\/yoast.com\/product\/yoast-seo-wordpress\/ -->\n<title>Mandalas de piedra y geometr\u00edas sagradas - Formation Sophrologie Massage \u00e0 distance<\/title>\n<meta name=\"description\" content=\"Un outil d\u2019\u00e9volution efficace utilis\u00e9 dans le bouddhisme et par les am\u00e9rindiens, en soin et comme support de m\u00e9ditation. Apprenez \u00e0 les fabriquer vous-m\u00eame!\" \/>\n<meta name=\"robots\" content=\"index, follow, max-snippet:-1, max-image-preview:large, max-video-preview:-1\" \/>\n<link rel=\"canonical\" href=\"https:\/\/www.formations-bien-etre.com\/es\/produit\/mandalas-de-pierres-et-geometries-sacrees\/\" \/>\n<meta property=\"og:locale\" content=\"es_ES\" \/>\n<meta property=\"og:type\" content=\"article\" \/>\n<meta property=\"og:title\" content=\"11 millions de Fran\u00e7ais se sentent en ins\u00e9curit\u00e9.\" \/>\n<meta property=\"og:description\" content=\"Savez-vous que la peur ressentie ne refl\u00e8te pas toujours la r\u00e9alit\u00e9 ? La peur peut \u00e0 long terme g\u00e9n\u00e9rer des maladies allant jusqu\u2019\u00e0 la paralysie physique et la mort. Le mandala est utilis\u00e9 depuis des mill\u00e9naires pour gu\u00e9rir les phobies et les peurs incontr\u00f4l\u00e9es, mais aussi beaucoup d\u2019autres maux. Le Cercle de Protection : Qu\u2019est-ce que c\u2019est ?\" \/>\n<meta property=\"og:url\" content=\"https:\/\/www.formations-bien-etre.com\/es\/produit\/mandalas-de-pierres-et-geometries-sacrees\/\" \/>\n<meta property=\"og:site_name\" content=\"Formation Sophrologie Massage \u00e0 distance\" \/>\n<meta property=\"article:modified_time\" content=\"2023-08-07T22:09:41+00:00\" \/>\n<meta property=\"og:image\" content=\"https:\/\/www.formations-bien-etre.com\/wp-content\/uploads\/2020\/05\/Mandala-de-pierres-Carnac.jpg\" \/>\n\t<meta property=\"og:image:width\" content=\"800\" \/>\n\t<meta property=\"og:image:height\" content=\"600\" \/>\n\t<meta property=\"og:image:type\" content=\"image\/jpeg\" \/>\n<meta name=\"twitter:card\" content=\"summary_large_image\" \/>\n<meta name=\"twitter:title\" content=\"11 millions de Fran\u00e7ais se sentent en ins\u00e9curit\u00e9.\" \/>\n<meta name=\"twitter:description\" content=\"Savez-vous que la peur ressentie ne refl\u00e8te pas toujours la r\u00e9alit\u00e9 ? La peur peut \u00e0 long terme g\u00e9n\u00e9rer des maladies allant jusqu\u2019\u00e0 la paralysie physique et la mort. Le mandala est utilis\u00e9 depuis des mill\u00e9naires pour gu\u00e9rir les phobies et les peurs incontr\u00f4l\u00e9es, mais aussi beaucoup d\u2019autres maux. Le Cercle de Protection : Qu\u2019est-ce que c\u2019est ?\" \/>\n<meta name=\"twitter:label1\" content=\"Tiempo de lectura\" \/>\n\t<meta name=\"twitter:data1\" content=\"1 minuto\" \/>\n<script type=\"application\/ld+json\" class=\"yoast-schema-graph\">{\"@context\":\"https:\\\/\\\/schema.org\",\"@graph\":[{\"@type\":\"WebPage\",\"@id\":\"https:\\\/\\\/www.formations-bien-etre.com\\\/es\\\/produit\\\/mandalas-de-pierres-et-geometries-sacrees\\\/\",\"url\":\"https:\\\/\\\/www.formations-bien-etre.com\\\/es\\\/produit\\\/mandalas-de-pierres-et-geometries-sacrees\\\/\",\"name\":\"Mandalas de piedra y geometr\u00edas sagradas - Formation Sophrologie Massage \u00e0 distance\",\"isPartOf\":{\"@id\":\"https:\\\/\\\/www.formations-bien-etre.com\\\/#website\"},\"primaryImageOfPage\":{\"@id\":\"https:\\\/\\\/www.formations-bien-etre.com\\\/es\\\/produit\\\/mandalas-de-pierres-et-geometries-sacrees\\\/#primaryimage\"},\"image\":{\"@id\":\"https:\\\/\\\/www.formations-bien-etre.com\\\/es\\\/produit\\\/mandalas-de-pierres-et-geometries-sacrees\\\/#primaryimage\"},\"thumbnailUrl\":\"https:\\\/\\\/www.formations-bien-etre.com\\\/wp-content\\\/uploads\\\/2020\\\/05\\\/Mandala-de-pierres-Carnac.jpg\",\"datePublished\":\"2020-05-18T17:30:13+00:00\",\"dateModified\":\"2023-08-07T22:09:41+00:00\",\"description\":\"Un outil d\u2019\u00e9volution efficace utilis\u00e9 dans le bouddhisme et par les am\u00e9rindiens, en soin et comme support de m\u00e9ditation. Apprenez \u00e0 les fabriquer vous-m\u00eame!\",\"breadcrumb\":{\"@id\":\"https:\\\/\\\/www.formations-bien-etre.com\\\/es\\\/produit\\\/mandalas-de-pierres-et-geometries-sacrees\\\/#breadcrumb\"},\"inLanguage\":\"es\",\"potentialAction\":[{\"@type\":\"ReadAction\",\"target\":[\"https:\\\/\\\/www.formations-bien-etre.com\\\/es\\\/produit\\\/mandalas-de-pierres-et-geometries-sacrees\\\/\"]}]},{\"@type\":\"ImageObject\",\"inLanguage\":\"es\",\"@id\":\"https:\\\/\\\/www.formations-bien-etre.com\\\/es\\\/produit\\\/mandalas-de-pierres-et-geometries-sacrees\\\/#primaryimage\",\"url\":\"https:\\\/\\\/www.formations-bien-etre.com\\\/wp-content\\\/uploads\\\/2020\\\/05\\\/Mandala-de-pierres-Carnac.jpg\",\"contentUrl\":\"https:\\\/\\\/www.formations-bien-etre.com\\\/wp-content\\\/uploads\\\/2020\\\/05\\\/Mandala-de-pierres-Carnac.jpg\",\"width\":800,\"height\":600,\"caption\":\"Mandalas de pierres et g\u00e9om\u00e9tries sacr\u00e9es. Cr\u00e9er un mandala part d\u2019une volont\u00e9 de changement, le mandala est le symbole de l\u2019\u00e9volution. Un mandala est un cercle, la forme premi\u00e8re de la g\u00e9om\u00e9trie sacr\u00e9e.\"},{\"@type\":\"BreadcrumbList\",\"@id\":\"https:\\\/\\\/www.formations-bien-etre.com\\\/es\\\/produit\\\/mandalas-de-pierres-et-geometries-sacrees\\\/#breadcrumb\",\"itemListElement\":[{\"@type\":\"ListItem\",\"position\":1,\"name\":\"Home\",\"item\":\"https:\\\/\\\/www.formations-bien-etre.com\\\/es\\\/\"},{\"@type\":\"ListItem\",\"position\":2,\"name\":\"Boutique bien-\u00eatre\",\"item\":\"https:\\\/\\\/www.formations-bien-etre.com\\\/?page_id=566\"},{\"@type\":\"ListItem\",\"position\":3,\"name\":\"Mandalas de piedra y geometr\u00edas sagradas\"}]},{\"@type\":\"WebSite\",\"@id\":\"https:\\\/\\\/www.formations-bien-etre.com\\\/#website\",\"url\":\"https:\\\/\\\/www.formations-bien-etre.com\\\/\",\"name\":\"Formation Sophrologie Massage \u00e0 Distance\",\"description\":\"Institut de formation en sophrologie et en bien-\u00eatre\",\"potentialAction\":[{\"@type\":\"SearchAction\",\"target\":{\"@type\":\"EntryPoint\",\"urlTemplate\":\"https:\\\/\\\/www.formations-bien-etre.com\\\/?s={search_term_string}\"},\"query-input\":{\"@type\":\"PropertyValueSpecification\",\"valueRequired\":true,\"valueName\":\"search_term_string\"}}],\"inLanguage\":\"es\"}]}<\/script>\n<!-- \/ Yoast SEO plugin. -->","yoast_head_json":{"title":"Mandalas de piedra y geometr\u00edas sagradas - Formation Sophrologie Massage \u00e0 distance","description":"Un outil d\u2019\u00e9volution efficace utilis\u00e9 dans le bouddhisme et par les am\u00e9rindiens, en soin et comme support de m\u00e9ditation. Apprenez \u00e0 les fabriquer vous-m\u00eame!","robots":{"index":"index","follow":"follow","max-snippet":"max-snippet:-1","max-image-preview":"max-image-preview:large","max-video-preview":"max-video-preview:-1"},"canonical":"https:\/\/www.formations-bien-etre.com\/es\/produit\/mandalas-de-pierres-et-geometries-sacrees\/","og_locale":"es_ES","og_type":"article","og_title":"11 millions de Fran\u00e7ais se sentent en ins\u00e9curit\u00e9.","og_description":"Savez-vous que la peur ressentie ne refl\u00e8te pas toujours la r\u00e9alit\u00e9 ? La peur peut \u00e0 long terme g\u00e9n\u00e9rer des maladies allant jusqu\u2019\u00e0 la paralysie physique et la mort. Le mandala est utilis\u00e9 depuis des mill\u00e9naires pour gu\u00e9rir les phobies et les peurs incontr\u00f4l\u00e9es, mais aussi beaucoup d\u2019autres maux. Le Cercle de Protection : Qu\u2019est-ce que c\u2019est ?","og_url":"https:\/\/www.formations-bien-etre.com\/es\/produit\/mandalas-de-pierres-et-geometries-sacrees\/","og_site_name":"Formation Sophrologie Massage \u00e0 distance","article_modified_time":"2023-08-07T22:09:41+00:00","og_image":[{"width":800,"height":600,"url":"https:\/\/www.formations-bien-etre.com\/wp-content\/uploads\/2020\/05\/Mandala-de-pierres-Carnac.jpg","type":"image\/jpeg"}],"twitter_card":"summary_large_image","twitter_title":"11 millions de Fran\u00e7ais se sentent en ins\u00e9curit\u00e9.","twitter_description":"Savez-vous que la peur ressentie ne refl\u00e8te pas toujours la r\u00e9alit\u00e9 ? La peur peut \u00e0 long terme g\u00e9n\u00e9rer des maladies allant jusqu\u2019\u00e0 la paralysie physique et la mort. Le mandala est utilis\u00e9 depuis des mill\u00e9naires pour gu\u00e9rir les phobies et les peurs incontr\u00f4l\u00e9es, mais aussi beaucoup d\u2019autres maux. Le Cercle de Protection : Qu\u2019est-ce que c\u2019est ?","twitter_misc":{"Tiempo de lectura":"1 minuto"},"schema":{"@context":"https:\/\/schema.org","@graph":[{"@type":"WebPage","@id":"https:\/\/www.formations-bien-etre.com\/es\/produit\/mandalas-de-pierres-et-geometries-sacrees\/","url":"https:\/\/www.formations-bien-etre.com\/es\/produit\/mandalas-de-pierres-et-geometries-sacrees\/","name":"Mandalas de piedra y geometr\u00edas sagradas - Formation Sophrologie Massage \u00e0 distance","isPartOf":{"@id":"https:\/\/www.formations-bien-etre.com\/#website"},"primaryImageOfPage":{"@id":"https:\/\/www.formations-bien-etre.com\/es\/produit\/mandalas-de-pierres-et-geometries-sacrees\/#primaryimage"},"image":{"@id":"https:\/\/www.formations-bien-etre.com\/es\/produit\/mandalas-de-pierres-et-geometries-sacrees\/#primaryimage"},"thumbnailUrl":"https:\/\/www.formations-bien-etre.com\/wp-content\/uploads\/2020\/05\/Mandala-de-pierres-Carnac.jpg","datePublished":"2020-05-18T17:30:13+00:00","dateModified":"2023-08-07T22:09:41+00:00","description":"Un outil d\u2019\u00e9volution efficace utilis\u00e9 dans le bouddhisme et par les am\u00e9rindiens, en soin et comme support de m\u00e9ditation. Apprenez \u00e0 les fabriquer vous-m\u00eame!","breadcrumb":{"@id":"https:\/\/www.formations-bien-etre.com\/es\/produit\/mandalas-de-pierres-et-geometries-sacrees\/#breadcrumb"},"inLanguage":"es","potentialAction":[{"@type":"ReadAction","target":["https:\/\/www.formations-bien-etre.com\/es\/produit\/mandalas-de-pierres-et-geometries-sacrees\/"]}]},{"@type":"ImageObject","inLanguage":"es","@id":"https:\/\/www.formations-bien-etre.com\/es\/produit\/mandalas-de-pierres-et-geometries-sacrees\/#primaryimage","url":"https:\/\/www.formations-bien-etre.com\/wp-content\/uploads\/2020\/05\/Mandala-de-pierres-Carnac.jpg","contentUrl":"https:\/\/www.formations-bien-etre.com\/wp-content\/uploads\/2020\/05\/Mandala-de-pierres-Carnac.jpg","width":800,"height":600,"caption":"Mandalas de pierres et g\u00e9om\u00e9tries sacr\u00e9es. Cr\u00e9er un mandala part d\u2019une volont\u00e9 de changement, le mandala est le symbole de l\u2019\u00e9volution. Un mandala est un cercle, la forme premi\u00e8re de la g\u00e9om\u00e9trie sacr\u00e9e."},{"@type":"BreadcrumbList","@id":"https:\/\/www.formations-bien-etre.com\/es\/produit\/mandalas-de-pierres-et-geometries-sacrees\/#breadcrumb","itemListElement":[{"@type":"ListItem","position":1,"name":"Home","item":"https:\/\/www.formations-bien-etre.com\/es\/"},{"@type":"ListItem","position":2,"name":"Boutique bien-\u00eatre","item":"https:\/\/www.formations-bien-etre.com\/?page_id=566"},{"@type":"ListItem","position":3,"name":"Mandalas de piedra y geometr\u00edas sagradas"}]},{"@type":"WebSite","@id":"https:\/\/www.formations-bien-etre.com\/#website","url":"https:\/\/www.formations-bien-etre.com\/","name":"Formation Sophrologie Massage \u00e0 Distance","description":"Institut de formation en sophrologie et en bien-\u00eatre","potentialAction":[{"@type":"SearchAction","target":{"@type":"EntryPoint","urlTemplate":"https:\/\/www.formations-bien-etre.com\/?s={search_term_string}"},"query-input":{"@type":"PropertyValueSpecification","valueRequired":true,"valueName":"search_term_string"}}],"inLanguage":"es"}]}},"_links":{"self":[{"href":"https:\/\/www.formations-bien-etre.com\/es\/wp-json\/wp\/v2\/product\/7297","targetHints":{"allow":["GET"]}}],"collection":[{"href":"https:\/\/www.formations-bien-etre.com\/es\/wp-json\/wp\/v2\/product"}],"about":[{"href":"https:\/\/www.formations-bien-etre.com\/es\/wp-json\/wp\/v2\/types\/product"}],"wp:featuredmedia":[{"embeddable":true,"href":"https:\/\/www.formations-bien-etre.com\/es\/wp-json\/wp\/v2\/media\/5767"}],"wp:attachment":[{"href":"https:\/\/www.formations-bien-etre.com\/es\/wp-json\/wp\/v2\/media?parent=7297"}],"wp:term":[{"taxonomy":"product_brand","embeddable":true,"href":"https:\/\/www.formations-bien-etre.com\/es\/wp-json\/wp\/v2\/product_brand?post=7297"},{"taxonomy":"product_cat","embeddable":true,"href":"https:\/\/www.formations-bien-etre.com\/es\/wp-json\/wp\/v2\/product_cat?post=7297"},{"taxonomy":"product_tag","embeddable":true,"href":"https:\/\/www.formations-bien-etre.com\/es\/wp-json\/wp\/v2\/product_tag?post=7297"}],"curies":[{"name":"wp","href":"https:\/\/api.w.org\/{rel}","templated":true}]}}